{"id":2920,"date":"2021-11-22T14:33:37","date_gmt":"2021-11-22T13:33:37","guid":{"rendered":"https:\/\/zum-pleitegeier.de\/pizzas\/"},"modified":"2025-02-14T14:56:53","modified_gmt":"2025-02-14T13:56:53","slug":"pizzas","status":"publish","type":"page","link":"https:\/\/zum-pleitegeier.de\/es\/pizzas\/","title":{"rendered":"Pizzas"},"content":{"rendered":"<p>[vc_row full_width=\u00bbstretch_row\u00bb vincent_border_type=\u00bbfigure\u00bb vincent_border_location=\u00bbbottom\u00bb css=\u00bb.vc_custom_1569511892089{padding-top: 40px !important;padding-bottom: 40px !important;background-color: #ffc851 !important;background-position: center !important;background-repeat: no-repeat !important;background-size: cover !important;}\u00bb][vc_column][vc_custom_heading text=\u00bbPizzas\u00bb font_container=\u00bbtag:h1|text_align:center|color:%23000000&#8243; use_theme_fonts=\u00bbyes\u00bb][\/vc_column][\/vc_row][vc_row css=\u00bb.vc_custom_1569511932639{padding-bottom: 50px !important;}\u00bb][vc_column]<div class=\"woocommerce columns-3 \"><ul class=\"products columns-3\">\n<li class=\"product type-product post-2949 status-publish first instock product_cat-pizza-es product_cat-pizza-de-buitre has-post-thumbnail taxable shipping-taxable purchasable product-type-simple\">\n\t<a href=\"https:\/\/zum-pleitegeier.de\/es\/producto\/pizza-de-salami\/\" class=\"woocommerce-LoopProduct-link woocommerce-loop-product__link\"><img loading=\"lazy\" decoding=\"async\" width=\"300\" height=\"300\" src=\"https:\/\/zum-pleitegeier.de\/wp-content\/uploads\/2019\/07\/Salamipizza-erlangen-essen-2-300x300.png\" class=\"attachment-woocommerce_thumbnail size-woocommerce_thumbnail\" alt=\"30. Pizza de salami\" srcset=\"https:\/\/zum-pleitegeier.de\/wp-content\/uploads\/2019\/07\/Salamipizza-erlangen-essen-2-300x300.png 300w, https:\/\/zum-pleitegeier.de\/wp-content\/uploads\/2019\/07\/Salamipizza-erlangen-essen-2-150x150.png 150w, https:\/\/zum-pleitegeier.de\/wp-content\/uploads\/2019\/07\/Salamipizza-erlangen-essen-2.png 600w\" sizes=\"auto, (max-width: 300px) 100vw, 300px\" \/><h2 class=\"woocommerce-loop-product__title\">30. Pizza de salami<\/h2>\n        <p class=\"vincent_prod_excerpt\">\n            con champi\u00f1ones, pimientos picantes\n        <\/p>\n    \n\t<span class=\"price\"><span class=\"woocommerce-Price-amount amount\"><bdi><span class=\"woocommerce-Price-currencySymbol\">&euro;<\/span>11,20<\/bdi><\/span><\/span>\n<\/a><\/li>\n<li class=\"product type-product post-2941 status-publish instock product_cat-pizza-es product_cat-pizza-de-buitre has-post-thumbnail taxable shipping-taxable purchasable product-type-simple\">\n\t<a href=\"https:\/\/zum-pleitegeier.de\/es\/producto\/pizza-de-jamon\/\" class=\"woocommerce-LoopProduct-link woocommerce-loop-product__link\"><img loading=\"lazy\" decoding=\"async\" width=\"300\" height=\"300\" src=\"https:\/\/zum-pleitegeier.de\/wp-content\/uploads\/2019\/09\/Schinkenpizza-erlangen-essen-300x300.png\" class=\"attachment-woocommerce_thumbnail size-woocommerce_thumbnail\" alt=\"31. Pizza de jam\u00f3n\" srcset=\"https:\/\/zum-pleitegeier.de\/wp-content\/uploads\/2019\/09\/Schinkenpizza-erlangen-essen-300x300.png 300w, https:\/\/zum-pleitegeier.de\/wp-content\/uploads\/2019\/09\/Schinkenpizza-erlangen-essen-150x150.png 150w, https:\/\/zum-pleitegeier.de\/wp-content\/uploads\/2019\/09\/Schinkenpizza-erlangen-essen.png 600w\" sizes=\"auto, (max-width: 300px) 100vw, 300px\" \/><h2 class=\"woocommerce-loop-product__title\">31. Pizza de jam\u00f3n<\/h2>\n        <p class=\"vincent_prod_excerpt\">\n            con champi\u00f1ones, pimientos picantes\n        <\/p>\n    \n\t<span class=\"price\"><span class=\"woocommerce-Price-amount amount\"><bdi><span class=\"woocommerce-Price-currencySymbol\">&euro;<\/span>11,20<\/bdi><\/span><\/span>\n<\/a><\/li>\n<li class=\"product type-product post-2932 status-publish last instock product_cat-pizza-es product_cat-pizza-de-buitre has-post-thumbnail taxable shipping-taxable purchasable product-type-simple\">\n\t<a href=\"https:\/\/zum-pleitegeier.de\/es\/producto\/pizza-especial\/\" class=\"woocommerce-LoopProduct-link woocommerce-loop-product__link\"><img loading=\"lazy\" decoding=\"async\" width=\"300\" height=\"300\" src=\"https:\/\/zum-pleitegeier.de\/wp-content\/uploads\/2019\/09\/Spezialpizza-erlangen-essen-300x300.png\" class=\"attachment-woocommerce_thumbnail size-woocommerce_thumbnail\" alt=\"32. Pizza especial\" srcset=\"https:\/\/zum-pleitegeier.de\/wp-content\/uploads\/2019\/09\/Spezialpizza-erlangen-essen-300x300.png 300w, https:\/\/zum-pleitegeier.de\/wp-content\/uploads\/2019\/09\/Spezialpizza-erlangen-essen-150x150.png 150w, https:\/\/zum-pleitegeier.de\/wp-content\/uploads\/2019\/09\/Spezialpizza-erlangen-essen.png 600w\" sizes=\"auto, (max-width: 300px) 100vw, 300px\" \/><h2 class=\"woocommerce-loop-product__title\">32. Pizza especial<\/h2>\n        <p class=\"vincent_prod_excerpt\">\n            con salami, jam\u00f3n, champi\u00f1ones, pimientos, anchoas\n        <\/p>\n    \n\t<span class=\"price\"><span class=\"woocommerce-Price-amount amount\"><bdi><span class=\"woocommerce-Price-currencySymbol\">&euro;<\/span>12,00<\/bdi><\/span><\/span>\n<\/a><\/li>\n<li class=\"product type-product post-2936 status-publish first instock product_cat-pizza-es product_cat-pizza-de-buitre has-post-thumbnail taxable shipping-taxable purchasable product-type-simple\">\n\t<a href=\"https:\/\/zum-pleitegeier.de\/es\/producto\/pizza-de-carne-picada\/\" class=\"woocommerce-LoopProduct-link woocommerce-loop-product__link\"><img loading=\"lazy\" decoding=\"async\" width=\"300\" height=\"300\" src=\"https:\/\/zum-pleitegeier.de\/wp-content\/uploads\/2019\/09\/Hackfleischpizza-erlangen-essen-300x300.png\" class=\"attachment-woocommerce_thumbnail size-woocommerce_thumbnail\" alt=\"34. Pizza de carne picada\" srcset=\"https:\/\/zum-pleitegeier.de\/wp-content\/uploads\/2019\/09\/Hackfleischpizza-erlangen-essen-300x300.png 300w, https:\/\/zum-pleitegeier.de\/wp-content\/uploads\/2019\/09\/Hackfleischpizza-erlangen-essen-150x150.png 150w, https:\/\/zum-pleitegeier.de\/wp-content\/uploads\/2019\/09\/Hackfleischpizza-erlangen-essen.png 600w\" sizes=\"auto, (max-width: 300px) 100vw, 300px\" \/><h2 class=\"woocommerce-loop-product__title\">34. Pizza de carne picada<\/h2>\n        <p class=\"vincent_prod_excerpt\">\n            con champi\u00f1ones, pimientos picantes\n        <\/p>\n    \n\t<span class=\"price\"><span class=\"woocommerce-Price-amount amount\"><bdi><span class=\"woocommerce-Price-currencySymbol\">&euro;<\/span>11,20<\/bdi><\/span><\/span>\n<\/a><\/li>\n<li class=\"product type-product post-2929 status-publish instock product_cat-pizza-es product_cat-pizza-de-buitre has-post-thumbnail taxable shipping-taxable purchasable product-type-simple\">\n\t<a href=\"https:\/\/zum-pleitegeier.de\/es\/producto\/girospizza\/\" class=\"woocommerce-LoopProduct-link woocommerce-loop-product__link\"><img loading=\"lazy\" decoding=\"async\" width=\"300\" height=\"300\" src=\"https:\/\/zum-pleitegeier.de\/wp-content\/uploads\/2019\/09\/Gyrospizza-erlangen-essen-300x300.png\" class=\"attachment-woocommerce_thumbnail size-woocommerce_thumbnail\" alt=\"35. Gyrospizza\" srcset=\"https:\/\/zum-pleitegeier.de\/wp-content\/uploads\/2019\/09\/Gyrospizza-erlangen-essen-300x300.png 300w, https:\/\/zum-pleitegeier.de\/wp-content\/uploads\/2019\/09\/Gyrospizza-erlangen-essen-150x150.png 150w, https:\/\/zum-pleitegeier.de\/wp-content\/uploads\/2019\/09\/Gyrospizza-erlangen-essen.png 600w\" sizes=\"auto, (max-width: 300px) 100vw, 300px\" \/><h2 class=\"woocommerce-loop-product__title\">35. Gyrospizza<\/h2>\n        <p class=\"vincent_prod_excerpt\">\n            con cebollas, pimientos picantes\n        <\/p>\n    \n\t<span class=\"price\"><span class=\"woocommerce-Price-amount amount\"><bdi><span class=\"woocommerce-Price-currencySymbol\">&euro;<\/span>12,00<\/bdi><\/span><\/span>\n<\/a><\/li>\n<li class=\"product type-product post-2972 status-publish last instock product_cat-pizza-es product_cat-pizza-de-buitre has-post-thumbnail taxable shipping-taxable purchasable product-type-simple\">\n\t<a href=\"https:\/\/zum-pleitegeier.de\/es\/producto\/pizza-campesina\/\" class=\"woocommerce-LoopProduct-link woocommerce-loop-product__link\"><img loading=\"lazy\" decoding=\"async\" width=\"300\" height=\"300\" src=\"https:\/\/zum-pleitegeier.de\/wp-content\/uploads\/2019\/09\/Bauernpizza-erlangen-essen-300x300.png\" class=\"attachment-woocommerce_thumbnail size-woocommerce_thumbnail\" alt=\"36. Pizza campesina\" srcset=\"https:\/\/zum-pleitegeier.de\/wp-content\/uploads\/2019\/09\/Bauernpizza-erlangen-essen-300x300.png 300w, https:\/\/zum-pleitegeier.de\/wp-content\/uploads\/2019\/09\/Bauernpizza-erlangen-essen-150x150.png 150w, https:\/\/zum-pleitegeier.de\/wp-content\/uploads\/2019\/09\/Bauernpizza-erlangen-essen.png 600w\" sizes=\"auto, (max-width: 300px) 100vw, 300px\" \/><h2 class=\"woocommerce-loop-product__title\">36. Pizza campesina<\/h2>\n        <p class=\"vincent_prod_excerpt\">\n            con tocino, cebollas, pimientos\n        <\/p>\n    \n\t<span class=\"price\"><span class=\"woocommerce-Price-amount amount\"><bdi><span class=\"woocommerce-Price-currencySymbol\">&euro;<\/span>11,20<\/bdi><\/span><\/span>\n<\/a><\/li>\n<li class=\"product type-product post-2909 status-publish first instock product_cat-pizza-es product_cat-pizza-de-buitre has-post-thumbnail taxable shipping-taxable purchasable product-type-simple\">\n\t<a href=\"https:\/\/zum-pleitegeier.de\/es\/producto\/pizza-hawaiana\/\" class=\"woocommerce-LoopProduct-link woocommerce-loop-product__link\"><img loading=\"lazy\" decoding=\"async\" width=\"300\" height=\"300\" src=\"https:\/\/zum-pleitegeier.de\/wp-content\/uploads\/2019\/09\/Hawaii-erlangen-essen-300x300.png\" class=\"attachment-woocommerce_thumbnail size-woocommerce_thumbnail\" alt=\"37. Pizza hawaiana\" srcset=\"https:\/\/zum-pleitegeier.de\/wp-content\/uploads\/2019\/09\/Hawaii-erlangen-essen-300x300.png 300w, https:\/\/zum-pleitegeier.de\/wp-content\/uploads\/2019\/09\/Hawaii-erlangen-essen-150x150.png 150w, https:\/\/zum-pleitegeier.de\/wp-content\/uploads\/2019\/09\/Hawaii-erlangen-essen.png 600w\" sizes=\"auto, (max-width: 300px) 100vw, 300px\" \/><h2 class=\"woocommerce-loop-product__title\">37. Pizza hawaiana<\/h2>\n        <p class=\"vincent_prod_excerpt\">\n            con jam\u00f3n y pi\u00f1a\n        <\/p>\n    \n\t<span class=\"price\"><span class=\"woocommerce-Price-amount amount\"><bdi><span class=\"woocommerce-Price-currencySymbol\">&euro;<\/span>12,00<\/bdi><\/span><\/span>\n<\/a><\/li>\n<li class=\"product type-product post-2947 status-publish instock product_cat-pizza-es product_cat-pizza-de-buitre has-post-thumbnail taxable shipping-taxable purchasable product-type-simple\">\n\t<a href=\"https:\/\/zum-pleitegeier.de\/es\/producto\/pizza-de-atun\/\" class=\"woocommerce-LoopProduct-link woocommerce-loop-product__link\"><img loading=\"lazy\" decoding=\"async\" width=\"300\" height=\"300\" src=\"https:\/\/zum-pleitegeier.de\/wp-content\/uploads\/2019\/09\/Thunfisch-erlangen-essen-300x300.png\" class=\"attachment-woocommerce_thumbnail size-woocommerce_thumbnail\" alt=\"38. Pizza de at\u00fan\" srcset=\"https:\/\/zum-pleitegeier.de\/wp-content\/uploads\/2019\/09\/Thunfisch-erlangen-essen-300x300.png 300w, https:\/\/zum-pleitegeier.de\/wp-content\/uploads\/2019\/09\/Thunfisch-erlangen-essen-150x150.png 150w, https:\/\/zum-pleitegeier.de\/wp-content\/uploads\/2019\/09\/Thunfisch-erlangen-essen.png 600w\" sizes=\"auto, (max-width: 300px) 100vw, 300px\" \/><h2 class=\"woocommerce-loop-product__title\">38. Pizza de at\u00fan<\/h2>\n        <p class=\"vincent_prod_excerpt\">\n            con cebollas, pimientos picantes\n        <\/p>\n    \n\t<span class=\"price\"><span class=\"woocommerce-Price-amount amount\"><bdi><span class=\"woocommerce-Price-currencySymbol\">&euro;<\/span>12,00<\/bdi><\/span><\/span>\n<\/a><\/li>\n<li class=\"product type-product post-2939 status-publish last instock product_cat-pizza-es product_cat-pizza-de-buitre has-post-thumbnail taxable shipping-taxable purchasable product-type-simple\">\n\t<a href=\"https:\/\/zum-pleitegeier.de\/es\/producto\/alcachofas-de-jamon\/\" class=\"woocommerce-LoopProduct-link woocommerce-loop-product__link\"><img loading=\"lazy\" decoding=\"async\" width=\"300\" height=\"300\" src=\"https:\/\/zum-pleitegeier.de\/wp-content\/uploads\/2019\/07\/schinken-artischocken-300x300.png\" class=\"attachment-woocommerce_thumbnail size-woocommerce_thumbnail\" alt=\"39. Alcachofas de jam\u00f3n\" srcset=\"https:\/\/zum-pleitegeier.de\/wp-content\/uploads\/2019\/07\/schinken-artischocken-300x300.png 300w, https:\/\/zum-pleitegeier.de\/wp-content\/uploads\/2019\/07\/schinken-artischocken-150x150.png 150w, https:\/\/zum-pleitegeier.de\/wp-content\/uploads\/2019\/07\/schinken-artischocken.png 600w\" sizes=\"auto, (max-width: 300px) 100vw, 300px\" \/><h2 class=\"woocommerce-loop-product__title\">39. Alcachofas de jam\u00f3n<\/h2>\n        <p class=\"vincent_prod_excerpt\">\n            con ajo\n        <\/p>\n    \n\t<span class=\"price\"><span class=\"woocommerce-Price-amount amount\"><bdi><span class=\"woocommerce-Price-currencySymbol\">&euro;<\/span>12,00<\/bdi><\/span><\/span>\n<\/a><\/li>\n<li class=\"product type-product post-2930 status-publish first instock product_cat-pizza-es product_cat-pizza-de-buitre has-post-thumbnail taxable shipping-taxable purchasable product-type-simple\">\n\t<a href=\"https:\/\/zum-pleitegeier.de\/es\/producto\/pizza-de-salmon-y-calabacin\/\" class=\"woocommerce-LoopProduct-link woocommerce-loop-product__link\"><img loading=\"lazy\" decoding=\"async\" width=\"300\" height=\"300\" src=\"https:\/\/zum-pleitegeier.de\/wp-content\/uploads\/2019\/09\/Lachs-Zuchini-erlangen-essen-300x300.png\" class=\"attachment-woocommerce_thumbnail size-woocommerce_thumbnail\" alt=\"40. Pizza de salm\u00f3n y calabac\u00edn\" srcset=\"https:\/\/zum-pleitegeier.de\/wp-content\/uploads\/2019\/09\/Lachs-Zuchini-erlangen-essen-300x300.png 300w, https:\/\/zum-pleitegeier.de\/wp-content\/uploads\/2019\/09\/Lachs-Zuchini-erlangen-essen-150x150.png 150w, https:\/\/zum-pleitegeier.de\/wp-content\/uploads\/2019\/09\/Lachs-Zuchini-erlangen-essen.png 600w\" sizes=\"auto, (max-width: 300px) 100vw, 300px\" \/><h2 class=\"woocommerce-loop-product__title\">40. Pizza de salm\u00f3n y calabac\u00edn<\/h2>\n        <p class=\"vincent_prod_excerpt\">\n            con eneldo\n        <\/p>\n    \n\t<span class=\"price\"><span class=\"woocommerce-Price-amount amount\"><bdi><span class=\"woocommerce-Price-currencySymbol\">&euro;<\/span>12,00<\/bdi><\/span><\/span>\n<\/a><\/li>\n<li class=\"product type-product post-2924 status-publish instock product_cat-pizza-es product_cat-pizza-de-buitre has-post-thumbnail taxable shipping-taxable purchasable product-type-simple\">\n\t<a href=\"https:\/\/zum-pleitegeier.de\/es\/producto\/pizza-de-mariscos\/\" class=\"woocommerce-LoopProduct-link woocommerce-loop-product__link\"><img loading=\"lazy\" decoding=\"async\" width=\"300\" height=\"300\" src=\"https:\/\/zum-pleitegeier.de\/wp-content\/uploads\/2019\/09\/Meeresfruechte-erlangen-essen-300x300.png\" class=\"attachment-woocommerce_thumbnail size-woocommerce_thumbnail\" alt=\"41. Pizza de mariscos\" srcset=\"https:\/\/zum-pleitegeier.de\/wp-content\/uploads\/2019\/09\/Meeresfruechte-erlangen-essen-300x300.png 300w, https:\/\/zum-pleitegeier.de\/wp-content\/uploads\/2019\/09\/Meeresfruechte-erlangen-essen-150x150.png 150w, https:\/\/zum-pleitegeier.de\/wp-content\/uploads\/2019\/09\/Meeresfruechte-erlangen-essen.png 600w\" sizes=\"auto, (max-width: 300px) 100vw, 300px\" \/><h2 class=\"woocommerce-loop-product__title\">41. Pizza de mariscos<\/h2>\n        <p class=\"vincent_prod_excerpt\">\n            con ajo y perejil\n        <\/p>\n    \n\t<span class=\"price\"><span class=\"woocommerce-Price-amount amount\"><bdi><span class=\"woocommerce-Price-currencySymbol\">&euro;<\/span>12,00<\/bdi><\/span><\/span>\n<\/a><\/li>\n<li class=\"product type-product post-2870 status-publish last instock product_cat-pizza-es product_cat-pizza-de-buitre has-post-thumbnail taxable shipping-taxable purchasable product-type-simple\">\n\t<a href=\"https:\/\/zum-pleitegeier.de\/es\/producto\/pizza-de-cebolla-asada\/\" class=\"woocommerce-LoopProduct-link woocommerce-loop-product__link\"><img loading=\"lazy\" decoding=\"async\" width=\"300\" height=\"300\" src=\"https:\/\/zum-pleitegeier.de\/wp-content\/uploads\/2019\/09\/Roestzwiebelpizza-erlangen-300x300.png\" class=\"attachment-woocommerce_thumbnail size-woocommerce_thumbnail\" alt=\"42. Pizza de cebolla frita\" srcset=\"https:\/\/zum-pleitegeier.de\/wp-content\/uploads\/2019\/09\/Roestzwiebelpizza-erlangen-300x300.png 300w, https:\/\/zum-pleitegeier.de\/wp-content\/uploads\/2019\/09\/Roestzwiebelpizza-erlangen-150x150.png 150w, https:\/\/zum-pleitegeier.de\/wp-content\/uploads\/2019\/09\/Roestzwiebelpizza-erlangen.png 600w\" sizes=\"auto, (max-width: 300px) 100vw, 300px\" \/><h2 class=\"woocommerce-loop-product__title\">42. Pizza de cebolla frita<\/h2>\n        <p class=\"vincent_prod_excerpt\">\n            con anchoas y carpa\n        <\/p>\n    \n\t<span class=\"price\"><span class=\"woocommerce-Price-amount amount\"><bdi><span class=\"woocommerce-Price-currencySymbol\">&euro;<\/span>11,20<\/bdi><\/span><\/span>\n<\/a><\/li>\n<li class=\"product type-product post-2971 status-publish first instock product_cat-pizza-es product_cat-pizza-de-buitre has-post-thumbnail taxable shipping-taxable purchasable product-type-simple\">\n\t<a href=\"https:\/\/zum-pleitegeier.de\/es\/producto\/pizza-del-diablo\/\" class=\"woocommerce-LoopProduct-link woocommerce-loop-product__link\"><img loading=\"lazy\" decoding=\"async\" width=\"300\" height=\"300\" src=\"https:\/\/zum-pleitegeier.de\/wp-content\/uploads\/2019\/09\/Teufelspizza-erlangen-essen-300x300.png\" class=\"attachment-woocommerce_thumbnail size-woocommerce_thumbnail\" alt=\"43. Pizza del diablo\" srcset=\"https:\/\/zum-pleitegeier.de\/wp-content\/uploads\/2019\/09\/Teufelspizza-erlangen-essen-300x300.png 300w, https:\/\/zum-pleitegeier.de\/wp-content\/uploads\/2019\/09\/Teufelspizza-erlangen-essen-150x150.png 150w, https:\/\/zum-pleitegeier.de\/wp-content\/uploads\/2019\/09\/Teufelspizza-erlangen-essen.png 600w\" sizes=\"auto, (max-width: 300px) 100vw, 300px\" \/><h2 class=\"woocommerce-loop-product__title\">43. Pizza del diablo<\/h2>\n        <p class=\"vincent_prod_excerpt\">\n            con salami picante, ma\u00edz, pimiento morr\u00f3n, frijoles, jalape\u00f1os\n        <\/p>\n    \n\t<span class=\"price\"><span class=\"woocommerce-Price-amount amount\"><bdi><span class=\"woocommerce-Price-currencySymbol\">&euro;<\/span>12,00<\/bdi><\/span><\/span>\n<\/a><\/li>\n<\/ul>\n<\/div>[\/vc_column][\/vc_row][vc_row full_width=\u00bbstretch_row\u00bb vincent_border_type=\u00bbfigure\u00bb vincent_border_location=\u00bbbottom\u00bb css=\u00bb.vc_custom_1569511892089{padding-top: 40px !important;padding-bottom: 40px !important;background-color: #ffc851 !important;background-position: center !important;background-repeat: no-repeat !important;background-size: cover !important;}\u00bb][vc_column][vc_custom_heading text=\u00bbPizzas vegetarianas\u00bb font_container=\u00bbtag:h1|text_align:center|color:%23000000&#8243; use_theme_fonts=\u00bbyes\u00bb][\/vc_column][\/vc_row][vc_row css=\u00bb.vc_custom_1569512133010{padding-top: 54px !important;padding-bottom: 50px !important;}\u00bb][vc_column]<div class=\"woocommerce columns-3 \"><ul class=\"products columns-3\">\n<li class=\"product type-product post-2964 status-publish first instock product_cat-pizza-es product_cat-pizza-vegetariana has-post-thumbnail taxable shipping-taxable purchasable product-type-simple\">\n\t<a href=\"https:\/\/zum-pleitegeier.de\/es\/producto\/pizza-de-queso\/\" class=\"woocommerce-LoopProduct-link woocommerce-loop-product__link\"><img loading=\"lazy\" decoding=\"async\" width=\"300\" height=\"300\" src=\"https:\/\/zum-pleitegeier.de\/wp-content\/uploads\/2019\/09\/Kaesepizza-erlangen-essen-300x300.png\" class=\"attachment-woocommerce_thumbnail size-woocommerce_thumbnail\" alt=\"45. Pizza de queso\" srcset=\"https:\/\/zum-pleitegeier.de\/wp-content\/uploads\/2019\/09\/Kaesepizza-erlangen-essen-300x300.png 300w, https:\/\/zum-pleitegeier.de\/wp-content\/uploads\/2019\/09\/Kaesepizza-erlangen-essen-150x150.png 150w, https:\/\/zum-pleitegeier.de\/wp-content\/uploads\/2019\/09\/Kaesepizza-erlangen-essen.png 600w\" sizes=\"auto, (max-width: 300px) 100vw, 300px\" \/><h2 class=\"woocommerce-loop-product__title\">45. Pizza de queso<\/h2>\n        <p class=\"vincent_prod_excerpt\">\n            con salsa de tomate y queso Gouda\n        <\/p>\n    \n\t<span class=\"price\"><span class=\"woocommerce-Price-amount amount\"><bdi><span class=\"woocommerce-Price-currencySymbol\">&euro;<\/span>9,70<\/bdi><\/span><\/span>\n<\/a><\/li>\n<li class=\"product type-product post-2955 status-publish instock product_cat-pizza-es product_cat-pizza-vegetariana has-post-thumbnail taxable shipping-taxable purchasable product-type-simple\">\n\t<a href=\"https:\/\/zum-pleitegeier.de\/es\/producto\/pizza-de-queso-de-oveja\/\" class=\"woocommerce-LoopProduct-link woocommerce-loop-product__link\"><img loading=\"lazy\" decoding=\"async\" width=\"300\" height=\"300\" src=\"https:\/\/zum-pleitegeier.de\/wp-content\/uploads\/2019\/09\/Schafskaesepizza-erlangen-essen-300x300.png\" class=\"attachment-woocommerce_thumbnail size-woocommerce_thumbnail\" alt=\"46. Pizza de queso de oveja\" srcset=\"https:\/\/zum-pleitegeier.de\/wp-content\/uploads\/2019\/09\/Schafskaesepizza-erlangen-essen-300x300.png 300w, https:\/\/zum-pleitegeier.de\/wp-content\/uploads\/2019\/09\/Schafskaesepizza-erlangen-essen-150x150.png 150w, https:\/\/zum-pleitegeier.de\/wp-content\/uploads\/2019\/09\/Schafskaesepizza-erlangen-essen.png 600w\" sizes=\"auto, (max-width: 300px) 100vw, 300px\" \/><h2 class=\"woocommerce-loop-product__title\">46. Pizza de queso de oveja<\/h2>\n        <p class=\"vincent_prod_excerpt\">\n            con cebollas, pimientos y aceitunas\n        <\/p>\n    \n\t<span class=\"price\"><span class=\"woocommerce-Price-amount amount\"><bdi><span class=\"woocommerce-Price-currencySymbol\">&euro;<\/span>12,00<\/bdi><\/span><\/span>\n<\/a><\/li>\n<li class=\"product type-product post-2919 status-publish last instock product_cat-pizza-es product_cat-pizza-vegetariana has-post-thumbnail taxable shipping-taxable purchasable product-type-simple\">\n\t<a href=\"https:\/\/zum-pleitegeier.de\/es\/producto\/pizza-vegetariana\/\" class=\"woocommerce-LoopProduct-link woocommerce-loop-product__link\"><img loading=\"lazy\" decoding=\"async\" width=\"300\" height=\"300\" src=\"https:\/\/zum-pleitegeier.de\/wp-content\/uploads\/2019\/07\/vegetarische-pizza-300x300.png\" class=\"attachment-woocommerce_thumbnail size-woocommerce_thumbnail\" alt=\"47. Pizza vegetariana\" srcset=\"https:\/\/zum-pleitegeier.de\/wp-content\/uploads\/2019\/07\/vegetarische-pizza-300x300.png 300w, https:\/\/zum-pleitegeier.de\/wp-content\/uploads\/2019\/07\/vegetarische-pizza-150x150.png 150w, https:\/\/zum-pleitegeier.de\/wp-content\/uploads\/2019\/07\/vegetarische-pizza.png 600w\" sizes=\"auto, (max-width: 300px) 100vw, 300px\" \/><h2 class=\"woocommerce-loop-product__title\">47. Pizza vegetariana<\/h2>\n        <p class=\"vincent_prod_excerpt\">\n            con huevo, ajo, chiles y champi\u00f1ones\n        <\/p>\n    \n\t<span class=\"price\"><span class=\"woocommerce-Price-amount amount\"><bdi><span class=\"woocommerce-Price-currencySymbol\">&euro;<\/span>11,20<\/bdi><\/span><\/span>\n<\/a><\/li>\n<li class=\"product type-product post-2914 status-publish first instock product_cat-pizza-es product_cat-pizza-vegetariana has-post-thumbnail taxable shipping-taxable purchasable product-type-simple\">\n\t<a href=\"https:\/\/zum-pleitegeier.de\/es\/producto\/pizza-de-platano\/\" class=\"woocommerce-LoopProduct-link woocommerce-loop-product__link\"><img loading=\"lazy\" decoding=\"async\" width=\"300\" height=\"300\" src=\"https:\/\/zum-pleitegeier.de\/wp-content\/uploads\/2019\/09\/Bananenpizza-erlangen-essen-300x300.png\" class=\"attachment-woocommerce_thumbnail size-woocommerce_thumbnail\" alt=\"48. Pizza de pl\u00e1tano\" srcset=\"https:\/\/zum-pleitegeier.de\/wp-content\/uploads\/2019\/09\/Bananenpizza-erlangen-essen-300x300.png 300w, https:\/\/zum-pleitegeier.de\/wp-content\/uploads\/2019\/09\/Bananenpizza-erlangen-essen-150x150.png 150w, https:\/\/zum-pleitegeier.de\/wp-content\/uploads\/2019\/09\/Bananenpizza-erlangen-essen.png 600w\" sizes=\"auto, (max-width: 300px) 100vw, 300px\" \/><h2 class=\"woocommerce-loop-product__title\">48. Pizza de pl\u00e1tano<\/h2>\n        <p class=\"vincent_prod_excerpt\">\n            con ma\u00edz y curry (picante o suave)\n        <\/p>\n    \n\t<span class=\"price\"><span class=\"woocommerce-Price-amount amount\"><bdi><span class=\"woocommerce-Price-currencySymbol\">&euro;<\/span>11,20<\/bdi><\/span><\/span>\n<\/a><\/li>\n<li class=\"product type-product post-2907 status-publish instock product_cat-pizza-es product_cat-pizza-vegetariana taxable shipping-taxable purchasable product-type-simple\">\n\t<a href=\"https:\/\/zum-pleitegeier.de\/es\/producto\/pizza-de-cebolla\/\" class=\"woocommerce-LoopProduct-link woocommerce-loop-product__link\"><img loading=\"lazy\" decoding=\"async\" width=\"300\" height=\"300\" src=\"https:\/\/zum-pleitegeier.de\/wp-content\/uploads\/woocommerce-placeholder-300x300.png\" class=\"woocommerce-placeholder wp-post-image\" alt=\"Marcador\" srcset=\"https:\/\/zum-pleitegeier.de\/wp-content\/uploads\/woocommerce-placeholder-300x300.png 300w, https:\/\/zum-pleitegeier.de\/wp-content\/uploads\/woocommerce-placeholder-600x600.png 600w, https:\/\/zum-pleitegeier.de\/wp-content\/uploads\/woocommerce-placeholder-150x150.png 150w, https:\/\/zum-pleitegeier.de\/wp-content\/uploads\/woocommerce-placeholder-768x768.png 768w, https:\/\/zum-pleitegeier.de\/wp-content\/uploads\/woocommerce-placeholder-1024x1024.png 1024w, https:\/\/zum-pleitegeier.de\/wp-content\/uploads\/woocommerce-placeholder.png 1200w\" sizes=\"auto, (max-width: 300px) 100vw, 300px\" \/><h2 class=\"woocommerce-loop-product__title\">49. pizza de jud\u00edas multicolor<\/h2>\n        <p class=\"vincent_prod_excerpt\">\n            con frijoles coloridos, queso cheddar picante, cebollas rojas&hellip;\n        <\/p>\n    \n\t<span class=\"price\"><span class=\"woocommerce-Price-amount amount\"><bdi><span class=\"woocommerce-Price-currencySymbol\">&euro;<\/span>12,00<\/bdi><\/span><\/span>\n<\/a><\/li>\n<li class=\"product type-product post-2962 status-publish last instock product_cat-pizza-es product_cat-pizza-vegetariana has-post-thumbnail taxable shipping-taxable purchasable product-type-simple\">\n\t<a href=\"https:\/\/zum-pleitegeier.de\/es\/producto\/pizza-de-berenjena\/\" class=\"woocommerce-LoopProduct-link woocommerce-loop-product__link\"><img loading=\"lazy\" decoding=\"async\" width=\"300\" height=\"300\" src=\"https:\/\/zum-pleitegeier.de\/wp-content\/uploads\/2019\/09\/Auberginenpizza-erlangen-essen-300x300.png\" class=\"attachment-woocommerce_thumbnail size-woocommerce_thumbnail\" alt=\"50. Pizza de berenjena\" srcset=\"https:\/\/zum-pleitegeier.de\/wp-content\/uploads\/2019\/09\/Auberginenpizza-erlangen-essen-300x300.png 300w, https:\/\/zum-pleitegeier.de\/wp-content\/uploads\/2019\/09\/Auberginenpizza-erlangen-essen-150x150.png 150w, https:\/\/zum-pleitegeier.de\/wp-content\/uploads\/2019\/09\/Auberginenpizza-erlangen-essen.png 600w\" sizes=\"auto, (max-width: 300px) 100vw, 300px\" \/><h2 class=\"woocommerce-loop-product__title\">50. Pizza de berenjena<\/h2>\n        <p class=\"vincent_prod_excerpt\">\n            con ajo, queso de oveja y pepperoni\n        <\/p>\n    \n\t<span class=\"price\"><span class=\"woocommerce-Price-amount amount\"><bdi><span class=\"woocommerce-Price-currencySymbol\">&euro;<\/span>12,00<\/bdi><\/span><\/span>\n<\/a><\/li>\n<li class=\"product type-product post-2951 status-publish first instock product_cat-pizza-es product_cat-pizza-vegetariana has-post-thumbnail taxable shipping-taxable purchasable product-type-simple\">\n\t<a href=\"https:\/\/zum-pleitegeier.de\/es\/producto\/pizza-de-calabacin\/\" class=\"woocommerce-LoopProduct-link woocommerce-loop-product__link\"><img loading=\"lazy\" decoding=\"async\" width=\"300\" height=\"300\" src=\"https:\/\/zum-pleitegeier.de\/wp-content\/uploads\/2019\/09\/Zucchinipizza-erlangen-essen-300x300.png\" class=\"attachment-woocommerce_thumbnail size-woocommerce_thumbnail\" alt=\"51. Pizza de calabac\u00edn\" srcset=\"https:\/\/zum-pleitegeier.de\/wp-content\/uploads\/2019\/09\/Zucchinipizza-erlangen-essen-300x300.png 300w, https:\/\/zum-pleitegeier.de\/wp-content\/uploads\/2019\/09\/Zucchinipizza-erlangen-essen-150x150.png 150w, https:\/\/zum-pleitegeier.de\/wp-content\/uploads\/2019\/09\/Zucchinipizza-erlangen-essen.png 600w\" sizes=\"auto, (max-width: 300px) 100vw, 300px\" \/><h2 class=\"woocommerce-loop-product__title\">51. Pizza de calabac\u00edn<\/h2>\n        <p class=\"vincent_prod_excerpt\">\n            con queso de oveja, aceitunas, ajo y pepperoni\n        <\/p>\n    \n\t<span class=\"price\"><span class=\"woocommerce-Price-amount amount\"><bdi><span class=\"woocommerce-Price-currencySymbol\">&euro;<\/span>12,00<\/bdi><\/span><\/span>\n<\/a><\/li>\n<li class=\"product type-product post-2944 status-publish instock product_cat-pizza-es product_cat-pizza-vegetariana has-post-thumbnail taxable shipping-taxable purchasable product-type-simple\">\n\t<a href=\"https:\/\/zum-pleitegeier.de\/es\/producto\/pizza-de-espinacas\/\" class=\"woocommerce-LoopProduct-link woocommerce-loop-product__link\"><img loading=\"lazy\" decoding=\"async\" width=\"300\" height=\"300\" src=\"https:\/\/zum-pleitegeier.de\/wp-content\/uploads\/2019\/09\/Spinatpizza-erlangen-essen-300x300.png\" class=\"attachment-woocommerce_thumbnail size-woocommerce_thumbnail\" alt=\"52. Pizza de espinacas\" srcset=\"https:\/\/zum-pleitegeier.de\/wp-content\/uploads\/2019\/09\/Spinatpizza-erlangen-essen-300x300.png 300w, https:\/\/zum-pleitegeier.de\/wp-content\/uploads\/2019\/09\/Spinatpizza-erlangen-essen-150x150.png 150w, https:\/\/zum-pleitegeier.de\/wp-content\/uploads\/2019\/09\/Spinatpizza-erlangen-essen.png 600w\" sizes=\"auto, (max-width: 300px) 100vw, 300px\" \/><h2 class=\"woocommerce-loop-product__title\">52. Pizza de espinacas<\/h2>\n        <p class=\"vincent_prod_excerpt\">\n            con queso de oveja y cebolletas\n        <\/p>\n    \n\t<span class=\"price\"><span class=\"woocommerce-Price-amount amount\"><bdi><span class=\"woocommerce-Price-currencySymbol\">&euro;<\/span>12,00<\/bdi><\/span><\/span>\n<\/a><\/li>\n<li class=\"product type-product post-2938 status-publish last instock product_cat-pizza-es product_cat-pizza-vegetariana has-post-thumbnail taxable shipping-taxable purchasable product-type-simple\">\n\t<a href=\"https:\/\/zum-pleitegeier.de\/es\/producto\/pizza-de-4-quesos\/\" class=\"woocommerce-LoopProduct-link woocommerce-loop-product__link\"><img loading=\"lazy\" decoding=\"async\" width=\"300\" height=\"300\" src=\"https:\/\/zum-pleitegeier.de\/wp-content\/uploads\/2019\/09\/4-Kaesepizza-erlangen-essen-300x300.png\" class=\"attachment-woocommerce_thumbnail size-woocommerce_thumbnail\" alt=\"53. Pizza de 4 quesos\" srcset=\"https:\/\/zum-pleitegeier.de\/wp-content\/uploads\/2019\/09\/4-Kaesepizza-erlangen-essen-300x300.png 300w, https:\/\/zum-pleitegeier.de\/wp-content\/uploads\/2019\/09\/4-Kaesepizza-erlangen-essen-150x150.png 150w, https:\/\/zum-pleitegeier.de\/wp-content\/uploads\/2019\/09\/4-Kaesepizza-erlangen-essen.png 600w\" sizes=\"auto, (max-width: 300px) 100vw, 300px\" \/><h2 class=\"woocommerce-loop-product__title\">53. Pizza de 4 quesos<\/h2>\n        <p class=\"vincent_prod_excerpt\">\n            con queso Gouda, queso de oveja, gorgonzola y&hellip;\n        <\/p>\n    \n\t<span class=\"price\"><span class=\"woocommerce-Price-amount amount\"><bdi><span class=\"woocommerce-Price-currencySymbol\">&euro;<\/span>12,00<\/bdi><\/span><\/span>\n<\/a><\/li>\n<li class=\"product type-product post-2908 status-publish first instock product_cat-pizza-es product_cat-pizza-vegetariana taxable shipping-taxable purchasable product-type-simple\">\n\t<a href=\"https:\/\/zum-pleitegeier.de\/es\/producto\/pizza-de-brocoli\/\" class=\"woocommerce-LoopProduct-link woocommerce-loop-product__link\"><img loading=\"lazy\" decoding=\"async\" width=\"300\" height=\"300\" src=\"https:\/\/zum-pleitegeier.de\/wp-content\/uploads\/woocommerce-placeholder-300x300.png\" class=\"woocommerce-placeholder wp-post-image\" alt=\"Marcador\" srcset=\"https:\/\/zum-pleitegeier.de\/wp-content\/uploads\/woocommerce-placeholder-300x300.png 300w, https:\/\/zum-pleitegeier.de\/wp-content\/uploads\/woocommerce-placeholder-600x600.png 600w, https:\/\/zum-pleitegeier.de\/wp-content\/uploads\/woocommerce-placeholder-150x150.png 150w, https:\/\/zum-pleitegeier.de\/wp-content\/uploads\/woocommerce-placeholder-768x768.png 768w, https:\/\/zum-pleitegeier.de\/wp-content\/uploads\/woocommerce-placeholder-1024x1024.png 1024w, https:\/\/zum-pleitegeier.de\/wp-content\/uploads\/woocommerce-placeholder.png 1200w\" sizes=\"auto, (max-width: 300px) 100vw, 300px\" \/><h2 class=\"woocommerce-loop-product__title\">54. Asia Pizza \u00abKung Fu<\/h2>\n        <p class=\"vincent_prod_excerpt\">\n            con verduras dulces y picantes al wok y&hellip;\n        <\/p>\n    \n\t<span class=\"price\"><span class=\"woocommerce-Price-amount amount\"><bdi><span class=\"woocommerce-Price-currencySymbol\">&euro;<\/span>11,20<\/bdi><\/span><\/span>\n<\/a><\/li>\n<li class=\"product type-product post-2963 status-publish instock product_cat-pizza-es product_cat-pizza-vegetariana has-post-thumbnail taxable shipping-taxable purchasable product-type-simple\">\n\t<a href=\"https:\/\/zum-pleitegeier.de\/es\/producto\/pizza-de-tomate-y-rucula\/\" class=\"woocommerce-LoopProduct-link woocommerce-loop-product__link\"><img loading=\"lazy\" decoding=\"async\" width=\"300\" height=\"300\" src=\"https:\/\/zum-pleitegeier.de\/wp-content\/uploads\/2019\/09\/Tomaten-Ruccola-Pizza-essen-300x300.png\" class=\"attachment-woocommerce_thumbnail size-woocommerce_thumbnail\" alt=\"55. Pizza de tomate y r\u00facula\" srcset=\"https:\/\/zum-pleitegeier.de\/wp-content\/uploads\/2019\/09\/Tomaten-Ruccola-Pizza-essen-300x300.png 300w, https:\/\/zum-pleitegeier.de\/wp-content\/uploads\/2019\/09\/Tomaten-Ruccola-Pizza-essen-150x150.png 150w, https:\/\/zum-pleitegeier.de\/wp-content\/uploads\/2019\/09\/Tomaten-Ruccola-Pizza-essen.png 600w\" sizes=\"auto, (max-width: 300px) 100vw, 300px\" \/><h2 class=\"woocommerce-loop-product__title\">55. Pizza de tomate y r\u00facula<\/h2>\n        <p class=\"vincent_prod_excerpt\">\n            con mozzarella y tomates frescos\n        <\/p>\n    \n\t<span class=\"price\"><span class=\"woocommerce-Price-amount amount\"><bdi><span class=\"woocommerce-Price-currencySymbol\">&euro;<\/span>11,20<\/bdi><\/span><\/span>\n<\/a><\/li>\n<li class=\"product type-product post-2952 status-publish last instock product_cat-pizza-es product_cat-pizza-vegetariana has-post-thumbnail taxable shipping-taxable purchasable product-type-simple\">\n\t<a href=\"https:\/\/zum-pleitegeier.de\/es\/producto\/pizza-casera\/\" class=\"woocommerce-LoopProduct-link woocommerce-loop-product__link\"><img loading=\"lazy\" decoding=\"async\" width=\"300\" height=\"300\" src=\"https:\/\/zum-pleitegeier.de\/wp-content\/uploads\/2019\/09\/Huettenpizza-erlangen-essen-300x300.png\" class=\"attachment-woocommerce_thumbnail size-woocommerce_thumbnail\" alt=\"56. Pizza casera\" srcset=\"https:\/\/zum-pleitegeier.de\/wp-content\/uploads\/2019\/09\/Huettenpizza-erlangen-essen-300x300.png 300w, https:\/\/zum-pleitegeier.de\/wp-content\/uploads\/2019\/09\/Huettenpizza-erlangen-essen-150x150.png 150w, https:\/\/zum-pleitegeier.de\/wp-content\/uploads\/2019\/09\/Huettenpizza-erlangen-essen.png 600w\" sizes=\"auto, (max-width: 300px) 100vw, 300px\" \/><h2 class=\"woocommerce-loop-product__title\">56. Pizza casera<\/h2>\n        <p class=\"vincent_prod_excerpt\">\n            con queso de monta\u00f1a, manzanas frescas, cebollas rojas&hellip;\n        <\/p>\n    \n\t<span class=\"price\"><span class=\"woocommerce-Price-amount amount\"><bdi><span class=\"woocommerce-Price-currencySymbol\">&euro;<\/span>12,00<\/bdi><\/span><\/span>\n<\/a><\/li>\n<\/ul>\n<\/div>[\/vc_column][\/vc_row][vc_row full_width=\u00bbstretch_row\u00bb vincent_border_type=\u00bbfigure\u00bb vincent_border_location=\u00bbbottom\u00bb css=\u00bb.vc_custom_1569511892089{padding-top: 40px !important;padding-bottom: 40px !important;background-color: #ffc851 !important;background-position: center !important;background-repeat: no-repeat !important;background-size: cover !important;}\u00bb][vc_column][vc_custom_heading text=\u00bbPizzas de temporada\u00bb font_container=\u00bbtag:h1|text_align:center|color:%23000000&#8243; use_theme_fonts=\u00bbyes\u00bb][\/vc_column][\/vc_row][vc_row css=\u00bb.vc_custom_1569512139128{padding-bottom: 50px !important;}\u00bb][vc_column]<div class=\"woocommerce columns-3 \"><ul class=\"products columns-3\">\n<li class=\"product type-product post-2931 status-publish first instock product_cat-pizza-es product_cat-pizza-de-temporada has-post-thumbnail taxable shipping-taxable purchasable product-type-simple\">\n\t<a href=\"https:\/\/zum-pleitegeier.de\/es\/producto\/pizza-de-verano\/\" class=\"woocommerce-LoopProduct-link woocommerce-loop-product__link\"><img loading=\"lazy\" decoding=\"async\" width=\"300\" height=\"300\" src=\"https:\/\/zum-pleitegeier.de\/wp-content\/uploads\/2019\/09\/Sommerpizza-erlangen-essen-300x300.png\" class=\"attachment-woocommerce_thumbnail size-woocommerce_thumbnail\" alt=\"60. Pizza de verano\" srcset=\"https:\/\/zum-pleitegeier.de\/wp-content\/uploads\/2019\/09\/Sommerpizza-erlangen-essen-300x300.png 300w, https:\/\/zum-pleitegeier.de\/wp-content\/uploads\/2019\/09\/Sommerpizza-erlangen-essen-150x150.png 150w, https:\/\/zum-pleitegeier.de\/wp-content\/uploads\/2019\/09\/Sommerpizza-erlangen-essen.png 600w\" sizes=\"auto, (max-width: 300px) 100vw, 300px\" \/><h2 class=\"woocommerce-loop-product__title\">60. Pizza de verano<\/h2>\n        <p class=\"vincent_prod_excerpt\">\n            con tomates frescos, mozzarella y albahaca\n        <\/p>\n    \n\t<span class=\"price\"><span class=\"woocommerce-Price-amount amount\"><bdi><span class=\"woocommerce-Price-currencySymbol\">&euro;<\/span>12,00<\/bdi><\/span><\/span>\n<\/a><\/li>\n<li class=\"product type-product post-2926 status-publish instock product_cat-pizza-es product_cat-pizza-de-temporada has-post-thumbnail taxable shipping-taxable purchasable product-type-simple\">\n\t<a href=\"https:\/\/zum-pleitegeier.de\/es\/producto\/pizza-de-rebozuelos\/\" class=\"woocommerce-LoopProduct-link woocommerce-loop-product__link\"><img loading=\"lazy\" decoding=\"async\" width=\"300\" height=\"300\" src=\"https:\/\/zum-pleitegeier.de\/wp-content\/uploads\/2019\/09\/Pfifferlingspizza-erlangen-essen-300x300.png\" class=\"attachment-woocommerce_thumbnail size-woocommerce_thumbnail\" alt=\"61. Pizza de rebozuelos\" srcset=\"https:\/\/zum-pleitegeier.de\/wp-content\/uploads\/2019\/09\/Pfifferlingspizza-erlangen-essen-300x300.png 300w, https:\/\/zum-pleitegeier.de\/wp-content\/uploads\/2019\/09\/Pfifferlingspizza-erlangen-essen-150x150.png 150w, https:\/\/zum-pleitegeier.de\/wp-content\/uploads\/2019\/09\/Pfifferlingspizza-erlangen-essen.png 600w\" sizes=\"auto, (max-width: 300px) 100vw, 300px\" \/><h2 class=\"woocommerce-loop-product__title\">61. Pizza de rebozuelos<\/h2>\n        <p class=\"vincent_prod_excerpt\">\n            en 3 variaciones diferentes\n        <\/p>\n    \n\t<span class=\"price\"><span class=\"woocommerce-Price-amount amount\"><bdi><span class=\"woocommerce-Price-currencySymbol\">&euro;<\/span>12,90<\/bdi><\/span><\/span>\n<\/a><\/li>\n<li class=\"product type-product post-2923 status-publish last instock product_cat-pizza-es product_cat-pizza-de-temporada has-post-thumbnail taxable shipping-taxable purchasable product-type-simple\">\n\t<a href=\"https:\/\/zum-pleitegeier.de\/es\/producto\/pizza-de-esparragos\/\" class=\"woocommerce-LoopProduct-link woocommerce-loop-product__link\"><img loading=\"lazy\" decoding=\"async\" width=\"300\" height=\"300\" src=\"https:\/\/zum-pleitegeier.de\/wp-content\/uploads\/2019\/09\/Spargelpizza-erlangen-essen-300x300.png\" class=\"attachment-woocommerce_thumbnail size-woocommerce_thumbnail\" alt=\"62. Pizza de esp\u00e1rragos\" srcset=\"https:\/\/zum-pleitegeier.de\/wp-content\/uploads\/2019\/09\/Spargelpizza-erlangen-essen-300x300.png 300w, https:\/\/zum-pleitegeier.de\/wp-content\/uploads\/2019\/09\/Spargelpizza-erlangen-essen-150x150.png 150w, https:\/\/zum-pleitegeier.de\/wp-content\/uploads\/2019\/09\/Spargelpizza-erlangen-essen.png 600w\" sizes=\"auto, (max-width: 300px) 100vw, 300px\" \/><h2 class=\"woocommerce-loop-product__title\">62. Pizza de esp\u00e1rragos<\/h2>\n        <p class=\"vincent_prod_excerpt\">\n            en 2 variaciones diferentes\n        <\/p>\n    \n\t<span class=\"price\"><span class=\"woocommerce-Price-amount amount\"><bdi><span class=\"woocommerce-Price-currencySymbol\">&euro;<\/span>12,90<\/bdi><\/span><\/span>\n<\/a><\/li>\n<\/ul>\n<\/div>[\/vc_column][\/vc_row][vc_row full_width=\u00bbstretch_row\u00bb vincent_border_type=\u00bbfigure\u00bb vincent_border_location=\u00bbbottom\u00bb css=\u00bb.vc_custom_1569511892089{padding-top: 40px !important;padding-bottom: 40px !important;background-color: #ffc851 !important;background-position: center !important;background-repeat: no-repeat !important;background-size: cover !important;}\u00bb][vc_column][vc_custom_heading text=\u00bbTarta\u00bb font_container=\u00bbtag:h1|text_align:center|color:%23000000&#8243; use_theme_fonts=\u00bbyes\u00bb][\/vc_column][\/vc_row][vc_row][vc_column]<div class=\"woocommerce columns-3 \"><ul class=\"products columns-3\">\n<li class=\"product type-product post-2945 status-publish first instock product_cat-pizza-es product_cat-tarta has-post-thumbnail taxable shipping-taxable purchasable product-type-simple\">\n\t<a href=\"https:\/\/zum-pleitegeier.de\/es\/producto\/tarta-flambeada-clasica\/\" class=\"woocommerce-LoopProduct-link woocommerce-loop-product__link\"><img loading=\"lazy\" decoding=\"async\" width=\"300\" height=\"300\" src=\"https:\/\/zum-pleitegeier.de\/wp-content\/uploads\/2019\/09\/flammkuchen-classic-essen-erlangen-300x300.png\" class=\"attachment-woocommerce_thumbnail size-woocommerce_thumbnail\" alt=\"57. Tarta flambeada clasica\" srcset=\"https:\/\/zum-pleitegeier.de\/wp-content\/uploads\/2019\/09\/flammkuchen-classic-essen-erlangen-300x300.png 300w, https:\/\/zum-pleitegeier.de\/wp-content\/uploads\/2019\/09\/flammkuchen-classic-essen-erlangen-150x150.png 150w, https:\/\/zum-pleitegeier.de\/wp-content\/uploads\/2019\/09\/flammkuchen-classic-essen-erlangen.png 600w\" sizes=\"auto, (max-width: 300px) 100vw, 300px\" \/><h2 class=\"woocommerce-loop-product__title\">57. Tarta flambeada clasica<\/h2>\n        <p class=\"vincent_prod_excerpt\">\n            con crema agria, tocino, cebolla morada y perejil\n        <\/p>\n    \n\t<span class=\"price\"><span class=\"woocommerce-Price-amount amount\"><bdi><span class=\"woocommerce-Price-currencySymbol\">&euro;<\/span>11,70<\/bdi><\/span><\/span>\n<\/a><\/li>\n<li class=\"product type-product post-2910 status-publish instock product_cat-pizza-es product_cat-tarta has-post-thumbnail taxable shipping-taxable purchasable product-type-simple\">\n\t<a href=\"https:\/\/zum-pleitegeier.de\/es\/producto\/flammkuchen-mediterraneo\/\" class=\"woocommerce-LoopProduct-link woocommerce-loop-product__link\"><img loading=\"lazy\" decoding=\"async\" width=\"300\" height=\"300\" src=\"https:\/\/zum-pleitegeier.de\/wp-content\/uploads\/2019\/09\/flammkuchen-mediterran-essen-300x300.png\" class=\"attachment-woocommerce_thumbnail size-woocommerce_thumbnail\" alt=\"58. Tarta flambeada Mediterr\u00e1neo\" srcset=\"https:\/\/zum-pleitegeier.de\/wp-content\/uploads\/2019\/09\/flammkuchen-mediterran-essen-300x300.png 300w, https:\/\/zum-pleitegeier.de\/wp-content\/uploads\/2019\/09\/flammkuchen-mediterran-essen-150x150.png 150w, https:\/\/zum-pleitegeier.de\/wp-content\/uploads\/2019\/09\/flammkuchen-mediterran-essen.png 600w\" sizes=\"auto, (max-width: 300px) 100vw, 300px\" \/><h2 class=\"woocommerce-loop-product__title\">58. Tarta flambeada Mediterr\u00e1neo<\/h2>\n        <p class=\"vincent_prod_excerpt\">\n            con crema agria, tomates frescos, queso de oveja,&hellip;\n        <\/p>\n    \n\t<span class=\"price\"><span class=\"woocommerce-Price-amount amount\"><bdi><span class=\"woocommerce-Price-currencySymbol\">&euro;<\/span>11,70<\/bdi><\/span><\/span>\n<\/a><\/li>\n<li class=\"product type-product post-2905 status-publish last instock product_cat-pizza-es product_cat-tarta has-post-thumbnail taxable shipping-taxable purchasable product-type-simple\">\n\t<a href=\"https:\/\/zum-pleitegeier.de\/es\/producto\/tarta-flambeada-vegana\/\" class=\"woocommerce-LoopProduct-link woocommerce-loop-product__link\"><img loading=\"lazy\" decoding=\"async\" width=\"300\" height=\"300\" src=\"https:\/\/zum-pleitegeier.de\/wp-content\/uploads\/2019\/07\/flammkuchen-vegan-300x300.png\" class=\"attachment-woocommerce_thumbnail size-woocommerce_thumbnail\" alt=\"59. Tarta flambeada vegana\" srcset=\"https:\/\/zum-pleitegeier.de\/wp-content\/uploads\/2019\/07\/flammkuchen-vegan-300x300.png 300w, https:\/\/zum-pleitegeier.de\/wp-content\/uploads\/2019\/07\/flammkuchen-vegan-150x150.png 150w, https:\/\/zum-pleitegeier.de\/wp-content\/uploads\/2019\/07\/flammkuchen-vegan.png 600w\" sizes=\"auto, (max-width: 300px) 100vw, 300px\" \/><h2 class=\"woocommerce-loop-product__title\">59. Tarta flambeada vegana<\/h2>\n        <p class=\"vincent_prod_excerpt\">\n            Con salsa de tomate, champi\u00f1ones frescos, cebollas rojas,&hellip;\n        <\/p>\n    \n\t<span class=\"price\"><span class=\"woocommerce-Price-amount amount\"><bdi><span class=\"woocommerce-Price-currencySymbol\">&euro;<\/span>11,70<\/bdi><\/span><\/span>\n<\/a><\/li>\n<\/ul>\n<\/div>[\/vc_column][\/vc_row]<\/p>\n","protected":false},"excerpt":{"rendered":"<p>[vc_row full_width=\u00bbstretch_row\u00bb vincent_border_type=\u00bbfigure\u00bb vincent_border_location=\u00bbbottom\u00bb css=\u00bb.vc_custom_1569511892089{padding-top: 40px !important;padding-bottom: 40px !important;background-color: #ffc851 !important;background-position: center !important;background-repeat: no-repeat !important;background-size: cover !important;}\u00bb][vc_column][vc_custom_heading text=\u00bbPizzas\u00bb font_container=\u00bbtag:h1|text_align:center|color:%23000000&#8243; use_theme_fonts=\u00bbyes\u00bb][\/vc_column][\/vc_row][vc_row css=\u00bb.vc_custom_1569511932639{padding-bottom: 50px !important;}\u00bb][vc_column][\/vc_column][\/vc_row][vc_row full_width=\u00bbstretch_row\u00bb vincent_border_type=\u00bbfigure\u00bb vincent_border_location=\u00bbbottom\u00bb css=\u00bb.vc_custom_1569511892089{padding-top: 40px !important;padding-bottom: 40px !important;background-color: #ffc851 !important;background-position: center !important;background-repeat: no-repeat !important;background-size: cover !important;}\u00bb][vc_column][vc_custom_heading text=\u00bbPizzas vegetarianas\u00bb font_container=\u00bbtag:h1|text_align:center|color:%23000000&#8243; use_theme_fonts=\u00bbyes\u00bb][\/vc_column][\/vc_row][vc_row css=\u00bb.vc_custom_1569512133010{padding-top: 54px !important;padding-bottom: 50px !important;}\u00bb][vc_column][\/vc_column][\/vc_row][vc_row full_width=\u00bbstretch_row\u00bb vincent_border_type=\u00bbfigure\u00bb vincent_border_location=\u00bbbottom\u00bb css=\u00bb.vc_custom_1569511892089{padding-top: 40px !important;padding-bottom: 40px [&hellip;]<\/p>\n","protected":false},"author":1,"featured_media":0,"parent":0,"menu_order":0,"comment_status":"closed","ping_status":"closed","template":"","meta":{"footnotes":""},"class_list":["post-2920","page","type-page","status-publish","hentry"],"yoast_head":"<!-- This site is optimized with the Yoast SEO plugin v26.8 - https:\/\/yoast.com\/product\/yoast-seo-wordpress\/ -->\n<title>Pizza en Erlangen? \u00a1Seguro en el buitre en quiebra!<\/title>\n<meta name=\"description\" content=\"\u00a1Somos populares por nuestras pizzas en Erlangen! Pero todav\u00eda lo conocen algunos en el norte. Hemos comido pizzas directamente del horno desde 1983.\" \/>\n<meta name=\"robots\" content=\"index, follow, max-snippet:-1, max-image-preview:large, max-video-preview:-1\" \/>\n<link rel=\"canonical\" href=\"https:\/\/zum-pleitegeier.de\/es\/pizzas\/\" \/>\n<meta property=\"og:locale\" content=\"es_ES\" \/>\n<meta property=\"og:type\" content=\"article\" \/>\n<meta property=\"og:title\" content=\"Pizza en Erlangen? \u00a1Seguro en el buitre en quiebra!\" \/>\n<meta property=\"og:description\" content=\"\u00a1Somos populares por nuestras pizzas en Erlangen! Pero todav\u00eda lo conocen algunos en el norte. Hemos comido pizzas directamente del horno desde 1983.\" \/>\n<meta property=\"og:url\" content=\"https:\/\/zum-pleitegeier.de\/es\/pizzas\/\" \/>\n<meta property=\"og:site_name\" content=\"Zum Pleitegeier\" \/>\n<meta property=\"article:publisher\" content=\"https:\/\/www.facebook.com\/pleitegeier.erlangen\/\" \/>\n<meta property=\"article:modified_time\" content=\"2025-02-14T13:56:53+00:00\" \/>\n<meta name=\"twitter:card\" content=\"summary_large_image\" \/>\n<meta name=\"twitter:label1\" content=\"Tiempo de lectura\" \/>\n\t<meta name=\"twitter:data1\" content=\"2 minutos\" \/>\n<script type=\"application\/ld+json\" class=\"yoast-schema-graph\">{\"@context\":\"https:\/\/schema.org\",\"@graph\":[{\"@type\":\"WebPage\",\"@id\":\"https:\/\/zum-pleitegeier.de\/es\/pizzas\/\",\"url\":\"https:\/\/zum-pleitegeier.de\/es\/pizzas\/\",\"name\":\"Pizza en Erlangen? \u00a1Seguro en el buitre en quiebra!\",\"isPartOf\":{\"@id\":\"https:\/\/zum-pleitegeier.de\/es\/#website\"},\"datePublished\":\"2021-11-22T13:33:37+00:00\",\"dateModified\":\"2025-02-14T13:56:53+00:00\",\"description\":\"\u00a1Somos populares por nuestras pizzas en Erlangen! Pero todav\u00eda lo conocen algunos en el norte. Hemos comido pizzas directamente del horno desde 1983.\",\"breadcrumb\":{\"@id\":\"https:\/\/zum-pleitegeier.de\/es\/pizzas\/#breadcrumb\"},\"inLanguage\":\"es\",\"potentialAction\":[{\"@type\":\"ReadAction\",\"target\":[\"https:\/\/zum-pleitegeier.de\/es\/pizzas\/\"]}]},{\"@type\":\"BreadcrumbList\",\"@id\":\"https:\/\/zum-pleitegeier.de\/es\/pizzas\/#breadcrumb\",\"itemListElement\":[{\"@type\":\"ListItem\",\"position\":1,\"name\":\"Startseite\",\"item\":\"https:\/\/zum-pleitegeier.de\/es\/\"},{\"@type\":\"ListItem\",\"position\":2,\"name\":\"Pizzas\"}]},{\"@type\":\"WebSite\",\"@id\":\"https:\/\/zum-pleitegeier.de\/es\/#website\",\"url\":\"https:\/\/zum-pleitegeier.de\/es\/\",\"name\":\"Zum Pleitegeier\",\"description\":\"\",\"publisher\":{\"@id\":\"https:\/\/zum-pleitegeier.de\/es\/#organization\"},\"potentialAction\":[{\"@type\":\"SearchAction\",\"target\":{\"@type\":\"EntryPoint\",\"urlTemplate\":\"https:\/\/zum-pleitegeier.de\/es\/?s={search_term_string}\"},\"query-input\":{\"@type\":\"PropertyValueSpecification\",\"valueRequired\":true,\"valueName\":\"search_term_string\"}}],\"inLanguage\":\"es\"},{\"@type\":\"Organization\",\"@id\":\"https:\/\/zum-pleitegeier.de\/es\/#organization\",\"name\":\"Zum Pleitegeier\",\"url\":\"https:\/\/zum-pleitegeier.de\/es\/\",\"logo\":{\"@type\":\"ImageObject\",\"inLanguage\":\"es\",\"@id\":\"https:\/\/zum-pleitegeier.de\/es\/#\/schema\/logo\/image\/\",\"url\":\"https:\/\/zum-pleitegeier.de\/wp-content\/uploads\/2019\/04\/logo-pg.png\",\"contentUrl\":\"https:\/\/zum-pleitegeier.de\/wp-content\/uploads\/2019\/04\/logo-pg.png\",\"width\":243,\"height\":240,\"caption\":\"Zum Pleitegeier\"},\"image\":{\"@id\":\"https:\/\/zum-pleitegeier.de\/es\/#\/schema\/logo\/image\/\"},\"sameAs\":[\"https:\/\/www.facebook.com\/pleitegeier.erlangen\/\",\"https:\/\/www.instagram.com\/pleitegeier_erlangen\/\"]}]}<\/script>\n<!-- \/ Yoast SEO plugin. -->","yoast_head_json":{"title":"Pizza en Erlangen? \u00a1Seguro en el buitre en quiebra!","description":"\u00a1Somos populares por nuestras pizzas en Erlangen! Pero todav\u00eda lo conocen algunos en el norte. Hemos comido pizzas directamente del horno desde 1983.","robots":{"index":"index","follow":"follow","max-snippet":"max-snippet:-1","max-image-preview":"max-image-preview:large","max-video-preview":"max-video-preview:-1"},"canonical":"https:\/\/zum-pleitegeier.de\/es\/pizzas\/","og_locale":"es_ES","og_type":"article","og_title":"Pizza en Erlangen? \u00a1Seguro en el buitre en quiebra!","og_description":"\u00a1Somos populares por nuestras pizzas en Erlangen! Pero todav\u00eda lo conocen algunos en el norte. Hemos comido pizzas directamente del horno desde 1983.","og_url":"https:\/\/zum-pleitegeier.de\/es\/pizzas\/","og_site_name":"Zum Pleitegeier","article_publisher":"https:\/\/www.facebook.com\/pleitegeier.erlangen\/","article_modified_time":"2025-02-14T13:56:53+00:00","twitter_card":"summary_large_image","twitter_misc":{"Tiempo de lectura":"2 minutos"},"schema":{"@context":"https:\/\/schema.org","@graph":[{"@type":"WebPage","@id":"https:\/\/zum-pleitegeier.de\/es\/pizzas\/","url":"https:\/\/zum-pleitegeier.de\/es\/pizzas\/","name":"Pizza en Erlangen? \u00a1Seguro en el buitre en quiebra!","isPartOf":{"@id":"https:\/\/zum-pleitegeier.de\/es\/#website"},"datePublished":"2021-11-22T13:33:37+00:00","dateModified":"2025-02-14T13:56:53+00:00","description":"\u00a1Somos populares por nuestras pizzas en Erlangen! Pero todav\u00eda lo conocen algunos en el norte. Hemos comido pizzas directamente del horno desde 1983.","breadcrumb":{"@id":"https:\/\/zum-pleitegeier.de\/es\/pizzas\/#breadcrumb"},"inLanguage":"es","potentialAction":[{"@type":"ReadAction","target":["https:\/\/zum-pleitegeier.de\/es\/pizzas\/"]}]},{"@type":"BreadcrumbList","@id":"https:\/\/zum-pleitegeier.de\/es\/pizzas\/#breadcrumb","itemListElement":[{"@type":"ListItem","position":1,"name":"Startseite","item":"https:\/\/zum-pleitegeier.de\/es\/"},{"@type":"ListItem","position":2,"name":"Pizzas"}]},{"@type":"WebSite","@id":"https:\/\/zum-pleitegeier.de\/es\/#website","url":"https:\/\/zum-pleitegeier.de\/es\/","name":"Zum Pleitegeier","description":"","publisher":{"@id":"https:\/\/zum-pleitegeier.de\/es\/#organization"},"potentialAction":[{"@type":"SearchAction","target":{"@type":"EntryPoint","urlTemplate":"https:\/\/zum-pleitegeier.de\/es\/?s={search_term_string}"},"query-input":{"@type":"PropertyValueSpecification","valueRequired":true,"valueName":"search_term_string"}}],"inLanguage":"es"},{"@type":"Organization","@id":"https:\/\/zum-pleitegeier.de\/es\/#organization","name":"Zum Pleitegeier","url":"https:\/\/zum-pleitegeier.de\/es\/","logo":{"@type":"ImageObject","inLanguage":"es","@id":"https:\/\/zum-pleitegeier.de\/es\/#\/schema\/logo\/image\/","url":"https:\/\/zum-pleitegeier.de\/wp-content\/uploads\/2019\/04\/logo-pg.png","contentUrl":"https:\/\/zum-pleitegeier.de\/wp-content\/uploads\/2019\/04\/logo-pg.png","width":243,"height":240,"caption":"Zum Pleitegeier"},"image":{"@id":"https:\/\/zum-pleitegeier.de\/es\/#\/schema\/logo\/image\/"},"sameAs":["https:\/\/www.facebook.com\/pleitegeier.erlangen\/","https:\/\/www.instagram.com\/pleitegeier_erlangen\/"]}]}},"_links":{"self":[{"href":"https:\/\/zum-pleitegeier.de\/es\/wp-json\/wp\/v2\/pages\/2920","targetHints":{"allow":["GET"]}}],"collection":[{"href":"https:\/\/zum-pleitegeier.de\/es\/wp-json\/wp\/v2\/pages"}],"about":[{"href":"https:\/\/zum-pleitegeier.de\/es\/wp-json\/wp\/v2\/types\/page"}],"author":[{"embeddable":true,"href":"https:\/\/zum-pleitegeier.de\/es\/wp-json\/wp\/v2\/users\/1"}],"replies":[{"embeddable":true,"href":"https:\/\/zum-pleitegeier.de\/es\/wp-json\/wp\/v2\/comments?post=2920"}],"version-history":[{"count":95,"href":"https:\/\/zum-pleitegeier.de\/es\/wp-json\/wp\/v2\/pages\/2920\/revisions"}],"predecessor-version":[{"id":3749,"href":"https:\/\/zum-pleitegeier.de\/es\/wp-json\/wp\/v2\/pages\/2920\/revisions\/3749"}],"wp:attachment":[{"href":"https:\/\/zum-pleitegeier.de\/es\/wp-json\/wp\/v2\/media?parent=2920"}],"curies":[{"name":"wp","href":"https:\/\/api.w.org\/{rel}","templated":true}]}}